{"id":227,"date":"2026-03-13T10:34:39","date_gmt":"2026-03-13T09:34:39","guid":{"rendered":"https:\/\/animation-hh30.ovh\/?page_id=227"},"modified":"2026-03-13T13:49:32","modified_gmt":"2026-03-13T12:49:32","slug":"location-sous-location","status":"publish","type":"page","link":"https:\/\/animation-hh30.ovh\/index.php\/les-logements-diffus\/location-sous-location\/","title":{"rendered":"Location sous location"},"content":{"rendered":"\n<p>En location sous-location, la dur\u00e9e de l\u2019accompagnement correspond \u00e0 la dur\u00e9e du Contrat d&rsquo;Occupation Temporaire du logement.<\/p>\n\n\n\n<p>\u00a0L\u2019Etat finance l\u2019accompagnement en sous-location d&rsquo;une premi\u00e8re dur\u00e9e d\u2019accompagnement de 18 mois. Ensuite, les travailleurs sociaux et l<a href=\"https:\/\/animation-hh30.ovh\/index.php\/agence-immobiliere-a-vocation-sociale\/\" data-type=\"page\" data-id=\"229\">&lsquo;AIVS <\/a>doivent pr\u00e9voir avec la Direction D\u00e9partement de l&rsquo;Emploi du Travail et des Solidarit\u00e9s et le Syst\u00e8me Int\u00e9gr\u00e9 d&rsquo;Accueil et d&rsquo;Orientation, les modalit\u00e9s de r\u00e9activation de l\u2019accompagnement.<\/p>\n\n\n\n<p> Le locataire doit \u00eatre accompagn\u00e9 jusqu\u2019\u00e0 ce qu\u2019il sorte du logement (relogement sur le parc social, priv\u00e9, r\u00e9orientation sur du logement accompagn\u00e9, etc.). Au moment de la \u00ab sortie \u00bb du m\u00e9nage, le travailleur social assure autant que possible le relai avec les futurs acteurs ressources pour le m\u00e9nage.<\/p>\n\n\n\n<p><\/p>\n","protected":false},"excerpt":{"rendered":"<p>En location sous-location, la dur\u00e9e de l\u2019accompagnement correspond \u00e0 la dur\u00e9e du Contrat d&rsquo;Occupation Temporaire du logement. \u00a0L\u2019Etat finance l\u2019accompagnement en sous-location d&rsquo;une premi\u00e8re dur\u00e9e d\u2019accompagnement de 18 mois. Ensuite, les travailleurs sociaux et l&lsquo;AIVS doivent pr\u00e9voir avec la Direction D\u00e9partement de l&rsquo;Emploi du Travail et des Solidarit\u00e9s et le Syst\u00e8me Int\u00e9gr\u00e9 d&rsquo;Accueil et d&rsquo;Orientation, &hellip; <a href=\"https:\/\/animation-hh30.ovh\/index.php\/les-logements-diffus\/location-sous-location\/\" class=\"more-link\">Continuer la lecture de <span class=\"screen-reader-text\">Location sous location<\/span>  <span class=\"meta-nav\">&rarr;<\/span><\/a><\/p>\n","protected":false},"author":4,"featured_media":0,"parent":223,"menu_order":2,"comment_status":"closed","ping_status":"closed","template":"","meta":{"footnotes":""},"class_list":["post-227","page","type-page","status-publish","hentry"],"_links":{"self":[{"href":"https:\/\/animation-hh30.ovh\/index.php\/wp-json\/wp\/v2\/pages\/227","targetHints":{"allow":["GET"]}}],"collection":[{"href":"https:\/\/animation-hh30.ovh\/index.php\/wp-json\/wp\/v2\/pages"}],"about":[{"href":"https:\/\/animation-hh30.ovh\/index.php\/wp-json\/wp\/v2\/types\/page"}],"author":[{"embeddable":true,"href":"https:\/\/animation-hh30.ovh\/index.php\/wp-json\/wp\/v2\/users\/4"}],"replies":[{"embeddable":true,"href":"https:\/\/animation-hh30.ovh\/index.php\/wp-json\/wp\/v2\/comments?post=227"}],"version-history":[{"count":3,"href":"https:\/\/animation-hh30.ovh\/index.php\/wp-json\/wp\/v2\/pages\/227\/revisions"}],"predecessor-version":[{"id":264,"href":"https:\/\/animation-hh30.ovh\/index.php\/wp-json\/wp\/v2\/pages\/227\/revisions\/264"}],"up":[{"embeddable":true,"href":"https:\/\/animation-hh30.ovh\/index.php\/wp-json\/wp\/v2\/pages\/223"}],"wp:attachment":[{"href":"https:\/\/animation-hh30.ovh\/index.php\/wp-json\/wp\/v2\/media?parent=227"}],"curies":[{"name":"wp","href":"https:\/\/api.w.org\/{rel}","templated":true}]}}