{"id":42,"date":"2026-01-18T15:46:37","date_gmt":"2026-01-18T14:46:37","guid":{"rendered":"https:\/\/animation-hh30.ovh\/?page_id=42"},"modified":"2026-03-13T10:23:20","modified_gmt":"2026-03-13T09:23:20","slug":"la-pension-de-famille-lou-recantou","status":"publish","type":"page","link":"https:\/\/animation-hh30.ovh\/index.php\/pensions-de-famille\/la-pension-de-famille-lou-recantou\/","title":{"rendered":"La Margeride"},"content":{"rendered":"\n<h5 class=\"wp-block-heading\">Pension de famille La Margeride<\/h5>\n\n\n\n<p>Habitat et Humanisme Gard a r\u00e9alis\u00e9 un projet de pension de famille, \u00e0 N\u00eemes, qui accueille des personnes isol\u00e9es en situation de grande pr\u00e9carit\u00e9, accompagn\u00e9es dans leur insertion sociale par une \u00e9quipe de b\u00e9n\u00e9voles et de salari\u00e9s.<\/p>\n\n\n\n<p><strong>Deux professionnelles<\/strong> animent le lieu et assurent la mise en \u0153uvre du projet social. Elles assurent un accompagnement de proximit\u00e9 et soutiennent les r\u00e9sidents dans leurs d\u00e9marches du quotidien. Elles proposent \u00e9galement des animations assez fr\u00e9quemment pour amener les r\u00e9sidents \u00e0 cr\u00e9er des liens.<\/p>\n\n\n\n<h5 class=\"wp-block-heading\">Une endroit pour se reconstruire<\/h5>\n\n\n\n<p><strong>Deux professionnelles<\/strong> animent le lieu et assurent la mise en \u0153uvre du projet social. Elles assurent un accompagnement de proximit\u00e9 et soutiennent les r\u00e9sidents dans leurs d\u00e9marches du quotidien. Elles proposent \u00e9galement des animations assez fr\u00e9quemment pour amener les r\u00e9sidents \u00e0 cr\u00e9er des liens.<\/p>\n\n\n\n<p><strong>De nombreux espaces collectifs permettent de favoriser la convivialit\u00e9<\/strong> : tisanerie, terrasses, jardin collectif, etc. Des p\u00f4les \u00e0 responsabilit\u00e9 permettent aux r\u00e9sidents de s\u2019investir dans le fonctionnement de la pension de famille.<\/p>\n\n\n\n<p>Tout est mis en place pour faire de cette Pension de Famille, un lieu de reconstruction pour les personnes fragilis\u00e9es par la vie.<\/p>\n\n\n\n<h5 class=\"wp-block-heading\">Un lieu ouvert sur l&rsquo;ext\u00e9rieur<\/h5>\n\n\n\n<p>La Margeride travaille en lien avec <strong>un r\u00e9seau partenarial m\u00e9dicosocial<\/strong> : Equipe Mobile de Psychiatrie et de Pr\u00e9carit\u00e9 (EMPP), m\u00e9decins, infirmiers, centre m\u00e9dico-social, centre m\u00e9dicopsychologique, etc. Ce r\u00e9seau permet un suivi individualis\u00e9 de chaque r\u00e9sident.<\/p>\n\n\n\n<p>Afin de favoriser l\u2019insertion, la pension de famille est <strong>ouverte sur son quartier et la participation des r\u00e9sidents \u00e0 des activit\u00e9s de proximit\u00e9 est encourag\u00e9e<\/strong>. L\u2019objectif est de permettre aux r\u00e9sidents de redevenir acteurs de leur vie et citoyens ins\u00e9r\u00e9s dans la cit\u00e9.<\/p>\n\n\n<div class=\"wp-block-image\">\n<figure class=\"aligncenter size-full is-resized\"><img loading=\"lazy\" decoding=\"async\" width=\"768\" height=\"554\" src=\"https:\/\/animation-hh30.ovh\/wp-content\/uploads\/2026\/01\/img-7085-768x554-1.webp\" alt=\"\" class=\"wp-image-58\" style=\"aspect-ratio:1.3862973452576985;width:471px;height:auto\" srcset=\"https:\/\/animation-hh30.ovh\/wp-content\/uploads\/2026\/01\/img-7085-768x554-1.webp 768w, https:\/\/animation-hh30.ovh\/wp-content\/uploads\/2026\/01\/img-7085-768x554-1-300x216.webp 300w\" sizes=\"auto, (max-width: 768px) 100vw, 768px\" \/><\/figure>\n<\/div>\n\n\n<div class=\"wp-block-buttons is-content-justification-center is-layout-flex wp-container-core-buttons-is-layout-16018d1d wp-block-buttons-is-layout-flex\">\n<div class=\"wp-block-button\"><a class=\"wp-block-button__link has-text-align-right wp-element-button\" href=\"https:\/\/www.habitat-humanisme.org\/wp-content\/uploads\/2016\/09\/pdf-margeride-2021.pdf\" target=\"_blank\" rel=\"noreferrer noopener\">T\u00e9l\u00e9charger la plaquette<\/a><\/div>\n<\/div>\n\n\n\n<p><\/p>\n","protected":false},"excerpt":{"rendered":"<p>Pension de famille La Margeride Habitat et Humanisme Gard a r\u00e9alis\u00e9 un projet de pension de famille, \u00e0 N\u00eemes, qui accueille des personnes isol\u00e9es en situation de grande pr\u00e9carit\u00e9, accompagn\u00e9es dans leur insertion sociale par une \u00e9quipe de b\u00e9n\u00e9voles et de salari\u00e9s. Deux professionnelles animent le lieu et assurent la mise en \u0153uvre du projet &hellip; <a href=\"https:\/\/animation-hh30.ovh\/index.php\/pensions-de-famille\/la-pension-de-famille-lou-recantou\/\" class=\"more-link\">Continuer la lecture de <span class=\"screen-reader-text\">La Margeride<\/span>  <span class=\"meta-nav\">&rarr;<\/span><\/a><\/p>\n","protected":false},"author":2,"featured_media":0,"parent":216,"menu_order":1,"comment_status":"closed","ping_status":"closed","template":"","meta":{"footnotes":""},"class_list":["post-42","page","type-page","status-publish","hentry"],"_links":{"self":[{"href":"https:\/\/animation-hh30.ovh\/index.php\/wp-json\/wp\/v2\/pages\/42","targetHints":{"allow":["GET"]}}],"collection":[{"href":"https:\/\/animation-hh30.ovh\/index.php\/wp-json\/wp\/v2\/pages"}],"about":[{"href":"https:\/\/animation-hh30.ovh\/index.php\/wp-json\/wp\/v2\/types\/page"}],"author":[{"embeddable":true,"href":"https:\/\/animation-hh30.ovh\/index.php\/wp-json\/wp\/v2\/users\/2"}],"replies":[{"embeddable":true,"href":"https:\/\/animation-hh30.ovh\/index.php\/wp-json\/wp\/v2\/comments?post=42"}],"version-history":[{"count":12,"href":"https:\/\/animation-hh30.ovh\/index.php\/wp-json\/wp\/v2\/pages\/42\/revisions"}],"predecessor-version":[{"id":71,"href":"https:\/\/animation-hh30.ovh\/index.php\/wp-json\/wp\/v2\/pages\/42\/revisions\/71"}],"up":[{"embeddable":true,"href":"https:\/\/animation-hh30.ovh\/index.php\/wp-json\/wp\/v2\/pages\/216"}],"wp:attachment":[{"href":"https:\/\/animation-hh30.ovh\/index.php\/wp-json\/wp\/v2\/media?parent=42"}],"curies":[{"name":"wp","href":"https:\/\/api.w.org\/{rel}","templated":true}]}}